{"version":"1.0","provider_name":"Cultura e Afins","provider_url":"https:\/\/culturaeafins.com","author_name":"Culturaeafins","author_url":"https:\/\/culturaeafins.com\/index.php\/author\/culturaeafins\/","title":"Turn\u00ea Tit\u00e3s Encontro \u2013 Pra dizer adeus - Cultura e Afins","type":"rich","width":600,"height":338,"html":"<blockquote class=\"wp-embedded-content\" data-secret=\"CQmr0vzQiN\"><a href=\"https:\/\/culturaeafins.com\/index.php\/2024\/01\/07\/turne-titas-encontro-pra-dizer-adeus\/\">Turn\u00ea Tit\u00e3s Encontro \u2013 Pra dizer adeus<\/a><\/blockquote><iframe sandbox=\"allow-scripts\" security=\"restricted\" src=\"https:\/\/culturaeafins.com\/index.php\/2024\/01\/07\/turne-titas-encontro-pra-dizer-adeus\/embed\/#?secret=CQmr0vzQiN\" width=\"600\" height=\"338\" title=\"&#8220;Turn\u00ea Tit\u00e3s Encontro \u2013 Pra dizer adeus&#8221; &#8212; Cultura e Afins\" data-secret=\"CQmr0vzQiN\" frameborder=\"0\" marginwidth=\"0\" marginheight=\"0\" scrolling=\"no\" class=\"wp-embedded-content\"><\/iframe><script type=\"text\/javascript\">\n\/* <![CDATA[ *\/\n\/*! This file is auto-generated *\/\n!function(d,l){\"use strict\";l.querySelector&&d.addEventListener&&\"undefined\"!=typeof URL&&(d.wp=d.wp||{},d.wp.receiveEmbedMessage||(d.wp.receiveEmbedMessage=function(e){var t=e.data;if((t||t.secret||t.message||t.value)&&!\/[^a-zA-Z0-9]\/.test(t.secret)){for(var s,r,n,a=l.querySelectorAll('iframe[data-secret=\"'+t.secret+'\"]'),o=l.querySelectorAll('blockquote[data-secret=\"'+t.secret+'\"]'),c=new RegExp(\"^https?:$\",\"i\"),i=0;i<o.length;i++)o[i].style.display=\"none\";for(i=0;i<a.length;i++)s=a[i],e.source===s.contentWindow&&(s.removeAttribute(\"style\"),\"height\"===t.message?(1e3<(r=parseInt(t.value,10))?r=1e3:~~r<200&&(r=200),s.height=r):\"link\"===t.message&&(r=new URL(s.getAttribute(\"src\")),n=new URL(t.value),c.test(n.protocol))&&n.host===r.host&&l.activeElement===s&&(d.top.location.href=t.value))}},d.addEventListener(\"message\",d.wp.receiveEmbedMessage,!1),l.addEventListener(\"DOMContentLoaded\",function(){for(var e,t,s=l.querySelectorAll(\"iframe.wp-embedded-content\"),r=0;r<s.length;r++)(t=(e=s[r]).getAttribute(\"data-secret\"))||(t=Math.random().toString(36).substring(2,12),e.src+=\"#?secret=\"+t,e.setAttribute(\"data-secret\",t)),e.contentWindow.postMessage({message:\"ready\",secret:t},\"*\")},!1)))}(window,document);\n\/\/# sourceURL=https:\/\/culturaeafins.com\/wp-includes\/js\/wp-embed.min.js\n\/* ]]> *\/\n<\/script>\n","thumbnail_url":"https:\/\/culturaeafins.com\/wp-content\/uploads\/2024\/01\/Foto-dos-Titas.jpg","thumbnail_width":800,"thumbnail_height":534,"description":"Nos dias 21,22 e 23 de dezembro com recorde de p\u00fablico em todas as noites, a banda Tit\u00e3s realizou seus \u00faltimos shows em S\u00e3o Paulo."}